   {"id":434,"date":"2019-01-04T12:20:32","date_gmt":"2019-01-04T11:20:32","guid":{"rendered":"https:\/\/www.fapim.it\/fapim-new.it\/it\/noi-siamo\/responsabilita-sociale\/fapim-museum\/percorso-espositivo\/"},"modified":"2024-02-12T08:58:04","modified_gmt":"2024-02-12T07:58:04","slug":"recorrido-de-esposicion","status":"publish","type":"page","link":"https:\/\/www.fapim.it\/es\/nosotros-somos\/fapim-museum\/recorrido-de-esposicion\/","title":{"rendered":"Recorrido de esposicion","raw":"Recorrido de esposicion"},"content":{"rendered":"<section class=\"section  text-normal section-text-no-shadow section-inner-no-shadow section-normal section-opaque\"  >\r\n    \r\n    <div class=\"background-overlay grid-overlay-0 \" style=\"background-color: rgba(0,0,0,0);\"><\/div>\r\n\r\n    <div class=\"container container-vertical-default\">\r\n        <div class=\"row vertical-default\">\r\n            <div class=\"col-md-12     text-default small-screen-default\"  ><div class=\"divider-wrapper \" style=\"visibility:visible;background-color:#FFFFFF\">\r\n    <div class=\"visible-xs\" style=\"height:24px;\"><\/div>\r\n    <div class=\"visible-sm\" style=\"height:24px;\"><\/div>\r\n    <div class=\"visible-md\" style=\"height:24px;\"><\/div>\r\n    <div class=\"visible-lg\" style=\"height:24px;\"><\/div>\r\n<\/div><\/div>        <\/div>\r\n    <\/div>\r\n<\/section>\r\n<section class=\"section  text-normal section-text-no-shadow section-inner-no-shadow section-normal section-opaque\"  >\r\n    \r\n    <div class=\"background-overlay grid-overlay-0 \" style=\"background-color: rgba(0,0,0,0);\"><\/div>\r\n\r\n    <div class=\"container-fullwidth container-vertical-default\">\r\n        <div class=\"row vertical-default\">\r\n            <div class=\"col-md-12     text-default small-screen-default\"  >[rev_slider_vc alias=&#8221;percorso-espositivo&#8221;]<\/div>        <\/div>\r\n    <\/div>\r\n<\/section>\r\n<section class=\"section  text-normal section-text-no-shadow section-inner-no-shadow section-normal section-opaque\"  >\r\n    \r\n    <div class=\"background-overlay grid-overlay-0 \" style=\"background-color: rgba(0,0,0,0);\"><\/div>\r\n\r\n    <div class=\"container container-vertical-default\">\r\n        <div class=\"row vertical-default\">\r\n            <div class=\"col-md-12     text-default small-screen-default\"  ><p class=\"lead text-justify justify  text-normal element-top-20 element-bottom-20\" data-os-animation=\"none\" data-os-animation-delay=\"0s\">El Fapim Museum re\u00fane en una \u00e1rea expositiva de 600 mq pensado como una nave industrial, con l\u00edneas amarillas, traves\u00edas y contenedores de aluminio que hacen de expositores, adem\u00e1s de m\u00e1s de mil entre objetos, proyectos, dibujos t\u00e9cnicos y ensayos de colores de productos, monos de trabajos, fotos, imagines evocativas y piezas de historia pol\u00edtica, deportiva y cultural desde el 1974 hasta la fecha de hoy. Es un museo de las personas adem\u00e1s de los objetos y proyectos Fapim.<\/p><\/div>        <\/div>\r\n    <\/div>\r\n<\/section>\r\n<section class=\"section  text-normal section-text-no-shadow section-inner-no-shadow section-normal section-opaque\"  >\r\n    \r\n    <div class=\"background-overlay grid-overlay-0 \" style=\"background-color: rgba(0,0,0,0);\"><\/div>\r\n\r\n    <div class=\"container container-vertical-default\">\r\n        <div class=\"row vertical-default\">\r\n            <div class=\"col-md-12     text-default small-screen-default\"  ><p class=\"lead text-justify justify  text-normal element-top-20 element-bottom-20\" data-os-animation=\"none\" data-os-animation-delay=\"0s\">El sentido, de hecho, es que se puedan volver a vivir adem\u00e1s de la creatividad y las soluciones tecnol\u00f3gicas de la empresa aun la cotidianidad, la cultura popular que durante aquellos a\u00f1os se respiraba y que ha influido la historia de las personas que han hecho la historia de la empresa, proponiendo un viaje en la memoria colectiva no solo de una realidad econ\u00f3mica, si bien de todo su mundo.<\/p><\/div>        <\/div>\r\n    <\/div>\r\n<\/section>\r\n<section class=\"section  text-normal section-text-no-shadow section-inner-no-shadow section-normal section-opaque\"  >\r\n    \r\n    <div class=\"background-overlay grid-overlay-0 \" style=\"background-color: rgba(0,0,0,0);\"><\/div>\r\n\r\n    <div class=\"container container-vertical-default\">\r\n        <div class=\"row vertical-default\">\r\n            <div class=\"col-md-12     text-default small-screen-default\"  ><p class=\"lead text-justify justify  text-normal element-top-20 element-bottom-20\" data-os-animation=\"none\" data-os-animation-delay=\"0s\">Creado con motivo de las celebraciones de los cuarenta a\u00f1os de la empresa en 2014, ha beneficiado recientemente de una revisi\u00f3n y ampliaci\u00f3n de los objetos conservados incluyendo unos cuantos que pertenecen a la d\u00e9cada siguiente para completar la historia de los primeros cincuenta a\u00f1os de vida de la empresa.<\/p><\/div>        <\/div>\r\n    <\/div>\r\n<\/section>\r\n<section class=\"section  text-normal section-text-no-shadow section-inner-no-shadow section-normal section-opaque\"  >\r\n    \r\n    <div class=\"background-overlay grid-overlay-0 \" style=\"background-color: rgba(0,0,0,0);\"><\/div>\r\n\r\n    <div class=\"container container-vertical-default\">\r\n        <div class=\"row vertical-default\">\r\n            <div class=\"col-md-12     text-default small-screen-default\"  ><div class=\"divider-wrapper \" style=\"visibility:visible;background-color:#FFFFFF\">\r\n    <div class=\"visible-xs\" style=\"height:24px;\"><\/div>\r\n    <div class=\"visible-sm\" style=\"height:24px;\"><\/div>\r\n    <div class=\"visible-md\" style=\"height:24px;\"><\/div>\r\n    <div class=\"visible-lg\" style=\"height:24px;\"><\/div>\r\n<\/div><\/div>        <\/div>\r\n    <\/div>\r\n<\/section>\n","protected":false,"raw":"[vc_row][vc_column width=\"1\/1\"][divider visibility=\"visible\"][\/vc_column][\/vc_row][vc_row width=\"no-padded\"][vc_column width=\"1\/1\"][rev_slider_vc alias=\"percorso-espositivo\"][\/vc_column][\/vc_row][vc_row][vc_column width=\"1\/1\"][lead align=\"justify\"]El Fapim Museum re\u00fane en una \u00e1rea expositiva de 600 mq pensado como una nave industrial, con l\u00edneas amarillas, traves\u00edas y contenedores de aluminio que hacen de expositores, adem\u00e1s de m\u00e1s de mil entre objetos, proyectos, dibujos t\u00e9cnicos y ensayos de colores de productos, monos de trabajos, fotos, imagines evocativas y piezas de historia pol\u00edtica, deportiva y cultural desde el 1974 hasta la fecha de hoy. Es un museo de las personas adem\u00e1s de los objetos y proyectos Fapim.[\/lead][\/vc_column][\/vc_row][vc_row][vc_column width=\"1\/1\"][lead align=\"justify\"]El sentido, de hecho, es que se puedan volver a vivir adem\u00e1s de la creatividad y las soluciones tecnol\u00f3gicas de la empresa aun la cotidianidad, la cultura popular que durante aquellos a\u00f1os se respiraba y que ha influido la historia de las personas que han hecho la historia de la empresa, proponiendo un viaje en la memoria colectiva no solo de una realidad econ\u00f3mica, si bien de todo su mundo.[\/lead][\/vc_column][\/vc_row][vc_row][vc_column width=\"1\/1\"][lead align=\"justify\"]Creado con motivo de las celebraciones de los cuarenta a\u00f1os de la empresa en 2014, ha beneficiado recientemente de una revisi\u00f3n y ampliaci\u00f3n de los objetos conservados incluyendo unos cuantos que pertenecen a la d\u00e9cada siguiente para completar la historia de los primeros cincuenta a\u00f1os de vida de la empresa.[\/lead][\/vc_column][\/vc_row][vc_row][vc_column width=\"1\/1\"][divider visibility=\"visible\"][\/vc_column][\/vc_row]"},"excerpt":{"rendered":"[rev_slider_vc alias=\"percorso-espositivo\"] Il Fapim Museum riunisce in uno spazio espositivo di 600 mq pensato come un capannone industriale, con le linee gialle e gli attraversamenti e i contenitori di alluminio rivisitati a fare da espositori, oltre mille oggetti tra progetti, prototipi, disegni tecnici e prove-colore di prodotti, tute da lavoro, fotografie, immagini evocative e pezzi","protected":false,"raw":""},"author":1,"featured_media":0,"parent":409,"menu_order":58,"comment_status":"closed","ping_status":"closed","template":"","meta":{"_it_post_content":"[vc_row][vc_column width=\"1\/1\"][divider visibility=\"visible\"][\/vc_column][\/vc_row][vc_row width=\"no-padded\"][vc_column width=\"1\/1\"][rev_slider_vc alias=\"percorso-espositivo\"][\/vc_column][\/vc_row][vc_row][vc_column width=\"1\/1\"][lead align=\"justify\"]Il Fapim Museum riunisce in uno spazio espositivo di 600 mq pensato come un capannone industriale, con le linee gialle e gli attraversamenti e i contenitori di alluminio rivisitati a fare da espositori, oltre mille oggetti tra progetti, prototipi, disegni tecnici e prove-colore di prodotti, tute da lavoro, fotografie, immagini evocative e pezzi di storia politica, sportiva e culturale dal 1974 ad oggi. \u00c8 un \u201cmuseo delle persone\u201d oltre che degli oggetti e dei progetti Fapim.[\/lead][\/vc_column][\/vc_row][vc_row][vc_column width=\"1\/1\"][lead align=\"justify\"]Il senso, infatti, \u00e8 far rivivere non solo la creativit\u00e0 e le soluzioni tecnologiche dell\u2019azienda, ma anche la quotidianit\u00e0, la cultura popolare che in quegli anni si respirava e ha influenzato la storia delle persone che hanno fatto la storia aziendale, proponendo un affascinante viaggio nella memoria collettiva non solo di una realt\u00e0 economica, ma di tutto il suo mondo.[\/lead][\/vc_column][\/vc_row][vc_row][vc_column width=\"1\/1\"][lead align=\"justify\"]Nato in occasione delle celebrazioni dei quarant\u2019anni dell\u2019azienda nel 2014, ha recentemente fruito di una revisione e un ampliamento di oggetti custoditi e richiami al decennio successivo per completare il racconto dei primi cinquant\u2019anni dell\u2019azienda.[\/lead][\/vc_column][\/vc_row][vc_row][vc_column width=\"1\/1\"][divider visibility=\"visible\"][\/vc_column][\/vc_row]","_it_post_name":"percorso-espositivo","_it_post_excerpt":"","_it_post_title":"Percorso espositivo","_en_post_content":"[vc_row][vc_column width=\"1\/1\"][divider visibility=\"visible\"][\/vc_column][\/vc_row][vc_row width=\"no-padded\"][vc_column width=\"1\/1\"][rev_slider_vc alias=\"percorso-espositivo\"][\/vc_column][\/vc_row][vc_row][vc_column width=\"1\/1\"][lead align=\"justify\"]The Fapim Museum is set over an exhibiting space of600 square meters. It was conceived like a warehouse with the yellow limiting lines, crossings and aluminium containers reviewed and turned into exhibiting tables. It includes more than one thousand items among projects, prototypes, technical drawings, and product colour testing, overalls, photographs, evocative images as well as pieces of political, sport and cultural history from 1974 to date. It is a \u201cmuseum of the people\u201d as well as of the Fapim\u2019s objects and designs.[\/lead][\/vc_column][\/vc_row][vc_row][vc_column width=\"1\/1\"][lead align=\"justify\"]The sense, in fact, is to revive company\u2019s creativity and technical solutions along with everyday life and popular culture breathed in those years, which influenced the history of the people who made the company\u2019s history. A fascinating journey into shared memories of a business reality and its whole world. [\/lead][\/vc_column][\/vc_row][vc_row][vc_column width=\"1\/1\"][lead align=\"justify\"]Created on the occasion of the celebrations of the company's forty years in 2014, it has recently benefited from a revision and expansion of preserved objects and references to the following decade to complete the story of the company's first fifty years.[\/lead][\/vc_column][\/vc_row][vc_row][vc_column width=\"1\/1\"][divider visibility=\"visible\"][\/vc_column][\/vc_row]","_en_post_name":"exhibition","_en_post_excerpt":"","_en_post_title":"Exhibition","_fr_post_content":"[vc_row][vc_column width=\"1\/1\"][divider visibility=\"visible\"][\/vc_column][\/vc_row][vc_row width=\"no-padded\"][vc_column width=\"1\/1\"][rev_slider_vc alias=\"percorso-espositivo\"][\/vc_column][\/vc_row][vc_row][vc_column width=\"1\/1\"][lead align=\"justify\"]Le mus\u00e9e Fapim r\u00e9unit, dans un espace d\u2019exposition de 600 m\u00e8tres carr\u00e9s con\u00e7u comme un b\u00e2timent industriel avec des lignes jaunes, des passages et des conteneurs en aluminium revisit\u00e9s pour \u00eatre utilis\u00e9s comme des tables d\u2019exposition, plus d\u2019un millier d\u2019objets parmi projets, prototypes, dessins techniques, essais-couleur des produits, bleus de travail, photographies, images et morceaux d\u2019histoire politique, sportive et culturelle de1974 \u00e0 aujourd\u2019hui. Il est un \u201cmus\u00e9e des personnes\u201d en plus que d\u2019objets et de projets de Fapim.[\/lead][\/vc_column][\/vc_row][vc_row][vc_column width=\"1\/1\"][lead align=\"justify\"]Le sens, en fait, est de faire revivre non seulement la cr\u00e9ativit\u00e9 et les solutions technologiques de l\u2019entreprise, mais aussi la vie quotidienne, la culture populaire qu\u2019on pouvait respirer dans ces ann\u00e9es et qui a influenc\u00e9 la vie des personnes qui ont fait l\u2019histoire de la soci\u00e9t\u00e9, en proposant un voyage fascinant dans la m\u00e9moire collective non seulement d\u2019une r\u00e9alit\u00e9 \u00e9conomique, mais de son monde entier.[\/lead][\/vc_column][\/vc_row][vc_row][vc_column width=\"1\/1\"][lead align=\"justify\"]Cr\u00e9\u00e9 \u00e0 l'occasion des c\u00e9l\u00e9brations des quarante ans de l'entreprise en 2014, il a r\u00e9cemment b\u00e9n\u00e9fici\u00e9 d'une r\u00e9vision et d'un enrichissement des objets conserv\u00e9s et des r\u00e9f\u00e9rences \u00e0 la d\u00e9cennie suivante pour compl\u00e9ter l'histoire des cinquante premi\u00e8res ann\u00e9es de l'entreprise.[\/lead][\/vc_column][\/vc_row][vc_row][vc_column width=\"1\/1\"][divider visibility=\"visible\"][\/vc_column][\/vc_row]","_fr_post_name":"exposition","_fr_post_excerpt":"","_fr_post_title":"Exposition","_es_post_content":"[vc_row][vc_column width=\"1\/1\"][divider visibility=\"visible\"][\/vc_column][\/vc_row][vc_row width=\"no-padded\"][vc_column width=\"1\/1\"][rev_slider_vc alias=\"percorso-espositivo\"][\/vc_column][\/vc_row][vc_row][vc_column width=\"1\/1\"][lead align=\"justify\"]El Fapim Museum re\u00fane en una \u00e1rea expositiva de 600 mq pensado como una nave industrial, con l\u00edneas amarillas, traves\u00edas y contenedores de aluminio que hacen de expositores, adem\u00e1s de m\u00e1s de mil entre objetos, proyectos, dibujos t\u00e9cnicos y ensayos de colores de productos, monos de trabajos, fotos, imagines evocativas y piezas de historia pol\u00edtica, deportiva y cultural desde el 1974 hasta la fecha de hoy. Es un museo de las personas adem\u00e1s de los objetos y proyectos Fapim.[\/lead][\/vc_column][\/vc_row][vc_row][vc_column width=\"1\/1\"][lead align=\"justify\"]El sentido, de hecho, es que se puedan volver a vivir adem\u00e1s de la creatividad y las soluciones tecnol\u00f3gicas de la empresa aun la cotidianidad, la cultura popular que durante aquellos a\u00f1os se respiraba y que ha influido la historia de las personas que han hecho la historia de la empresa, proponiendo un viaje en la memoria colectiva no solo de una realidad econ\u00f3mica, si bien de todo su mundo.[\/lead][\/vc_column][\/vc_row][vc_row][vc_column width=\"1\/1\"][lead align=\"justify\"]Creado con motivo de las celebraciones de los cuarenta a\u00f1os de la empresa en 2014, ha beneficiado recientemente de una revisi\u00f3n y ampliaci\u00f3n de los objetos conservados incluyendo unos cuantos que pertenecen a la d\u00e9cada siguiente para completar la historia de los primeros cincuenta a\u00f1os de vida de la empresa.[\/lead][\/vc_column][\/vc_row][vc_row][vc_column width=\"1\/1\"][divider visibility=\"visible\"][\/vc_column][\/vc_row]","_es_post_name":"recorrido-de-esposicion","_es_post_excerpt":"","_es_post_title":"Recorrido de esposicion","_ru_post_content":"[vc_row][vc_column width=\"1\/1\"][divider visibility=\"visible\"][\/vc_column][\/vc_row][vc_row width=\"no-padded\"][vc_column width=\"1\/1\"][rev_slider_vc alias=\"percorso-espositivo\"][\/vc_column][\/vc_row][vc_row][vc_column width=\"1\/1\"][lead align=\"justify\"]\u041c\u0443\u0437\u0435\u0439 \u0431\u044b\u043b \u043e\u0431\u0440\u0430\u0437\u043e\u0432\u0430\u043d \u043f\u0440\u0435\u0434\u0441\u0442\u0430\u0432\u0438\u0442\u0435\u043b\u044f\u043c\u0438 \u0432\u0442\u043e\u0440\u043e\u0433\u043e \u043f\u043e\u043a\u043e\u043b\u0435\u043d\u0438\u044f \u0440\u0443\u043a\u043e\u0432\u043e\u0434\u0441\u0442\u0432\u0430 Fapim \u0432 2014 \u0433\u043e\u0434\u0443 \u043d\u0430 40-\u043b\u0435\u0442\u043d\u0438\u0439 \u044e\u0431\u0438\u043b\u0435\u0439 \u043a\u043e\u043c\u043f\u0430\u043d\u0438\u0438 \u0432 \u0437\u043d\u0430\u043a \u0443\u0432\u0430\u0436\u0435\u043d\u0438\u044f \u043a \u0441\u0432\u043e\u0438\u043c \u0440\u043e\u0434\u0438\u0442\u0435\u043b\u044f\u043c \u2013 \u043e\u0441\u043d\u043e\u0432\u0430\u0442\u0435\u043b\u044f\u043c \u0444\u0438\u0440\u043c\u044b. \u0412 \u043d\u0435\u043c \u043f\u0440\u0435\u0434\u0441\u0442\u0430\u0432\u043b\u0435\u043d\u044b \u043e\u0440\u0438\u0433\u0438\u043d\u0430\u043b\u044c\u043d\u044b\u0435 \u0438 \u0447\u0430\u0441\u0442\u043e \u0443\u043d\u0438\u043a\u0430\u043b\u044c\u043d\u044b\u0435 \u0434\u043e\u043a\u0443\u043c\u0435\u043d\u0442\u044b, \u0438\u043b\u043b\u044e\u0441\u0442\u0440\u0438\u0440\u0443\u044e\u0449\u0438\u0435 \u0438\u0441\u0442\u043e\u0440\u0438\u044e \u043a\u043e\u043c\u043f\u0430\u043d\u0438\u0438, \u0440\u043e\u0434\u0438\u0432\u0448\u0435\u0439\u0441\u044f \u0431\u043b\u0430\u0433\u043e\u0434\u0430\u0440\u044f \u0438\u043d\u0442\u0443\u0438\u0446\u0438\u0438 \u0438 \u0443\u043f\u043e\u0440\u0441\u0442\u0432\u0443 \u0442\u0440\u0435\u0445 \u043c\u043e\u043b\u043e\u0434\u044b\u0445 \u043f\u0440\u0435\u0434\u043f\u0440\u0438\u043d\u0438\u043c\u0430\u0442\u0435\u043b\u0435\u0439, \u043a\u043e\u0442\u043e\u0440\u044b\u0435 \u0438\u0437 \u043d\u0435\u0431\u043e\u043b\u044c\u0448\u043e\u0433\u043e \u043d\u043e\u0432\u0430\u0442\u043e\u0440\u0441\u043a\u043e\u0433\u043e \u043f\u0440\u043e\u0438\u0437\u0432\u043e\u0434\u0441\u0442\u0432\u0430 \u0441 \u0433\u043e\u0434\u0430\u043c\u0438 \u0441\u043e\u0437\u0434\u0430\u043b\u0438 \u043a\u043e\u043c\u043f\u0430\u043d\u0438\u044e \u2014 \u043c\u0438\u0440\u043e\u0432\u043e\u0433\u043e \u043b\u0438\u0434\u0435\u0440\u0430 \u0432 \u0441\u0432\u043e\u0435\u0439 \u043e\u0442\u0440\u0430\u0441\u043b\u0438, \u043d\u0438\u043a\u043e\u0433\u0434\u0430 \u043d\u0435 \u0442\u0435\u0440\u044f\u044f \u043f\u0440\u0438 \u044d\u0442\u043e\u043c \u0441\u043e\u0431\u0441\u0442\u0432\u0435\u043d\u043d\u043e\u0439 \u043e\u0440\u0438\u0433\u0438\u043d\u0430\u043b\u044c\u043d\u043e\u0439 \u0441\u0430\u043c\u043e\u0431\u044b\u0442\u043d\u043e\u0441\u0442\u0438. [\/lead][\/vc_column][\/vc_row][vc_row][vc_column width=\"1\/1\"][lead align=\"justify\"]\u041c\u0443\u0437\u0435\u0439 \u043d\u0430\u0445\u043e\u0434\u0438\u0442\u0441\u044f \u043d\u0430 \u0442\u0435\u0440\u0440\u0438\u0442\u043e\u0440\u0438\u0438 \u043e\u0434\u043d\u043e\u0433\u043e \u0438\u0437 \u0437\u0430\u0432\u043e\u0434\u043e\u0432 \u043a\u043e\u043c\u043f\u0430\u043d\u0438\u0438 Fapim, \u0440\u0430\u0441\u043f\u043e\u043b\u043e\u0436\u0435\u043d\u043d\u043e\u0433\u043e \u0432 \u043d\u0430\u0441\u0435\u043b\u0435\u043d\u043d\u043e\u043c \u043f\u0443\u043d\u043a\u0442\u0435 \u0421\u043f\u0438\u0430\u043d\u0430\u0442\u0435, \u043d\u0435\u0434\u0430\u043b\u0435\u043a\u043e \u043e\u0442 \u0433\u043e\u0440\u043e\u0434\u0430 \u0410\u043b\u0442\u043e\u043f\u0430\u0448\u0438\u043e.[\/lead][\/vc_column][\/vc_row][vc_row][vc_column width=\"1\/1\"][lead align=\"justify\"]\u0421\u043e\u0437\u0434\u0430\u043d\u043d\u044b\u0439 \u043f\u043e \u0441\u043b\u0443\u0447\u0430\u044e \u043f\u0440\u0430\u0437\u0434\u043d\u043e\u0432\u0430\u043d\u0438\u044f \u0441\u043e\u0440\u043e\u043a\u0430\u043b\u0435\u0442\u0438\u044f \u043a\u043e\u043c\u043f\u0430\u043d\u0438\u0438 \u0432 2014 \u0433\u043e\u0434\u0443, \u043c\u0443\u0437\u0435\u0439 \u043d\u0435\u0434\u0430\u0432\u043d\u043e \u043e\u0431\u043d\u043e\u0432\u0438\u043b\u0441\u044f. \u0412 \u043d\u0435\u043c \u0431\u044b\u043b\u0430 \u043f\u0440\u043e\u0432\u0435\u0434\u0435\u043d\u0430 \u0440\u0435\u0432\u0438\u0437\u0438\u044f \u0438 \u043f\u043e\u043f\u043e\u043b\u043d\u0435\u043d\u044b \u044d\u043a\u0441\u043f\u043e\u043d\u0430\u0442\u044b, \u0430 \u0442\u0430\u043a\u0436\u0435 \u0431\u044b\u043b\u0438 \u0434\u043e\u0431\u0430\u0432\u043b\u0435\u043d\u044b \u043e\u0431\u0440\u0430\u0437\u0446\u044b \u043f\u043e\u0441\u043b\u0435\u0434\u043d\u0435\u0433\u043e \u0434\u0435\u0441\u044f\u0442\u0438\u043b\u0435\u0442\u0438\u044f, \u0447\u0442\u043e\u0431\u044b \u0434\u043e\u043f\u043e\u043b\u043d\u0438\u0442\u044c \u0438\u0441\u0442\u043e\u0440\u0438\u044e \u043f\u0435\u0440\u0432\u044b\u0445 \u043f\u044f\u0442\u0438\u0434\u0435\u0441\u044f\u0442\u0438 \u043b\u0435\u0442 \u0441\u0443\u0449\u0435\u0441\u0442\u0432\u043e\u0432\u0430\u043d\u0438\u044f \u043a\u043e\u043c\u043f\u0430\u043d\u0438\u0438.[\/lead][\/vc_column][\/vc_row][vc_row][vc_column width=\"1\/1\"][divider visibility=\"visible\"][\/vc_column][\/vc_row]","_ru_post_name":"muzej-fapim","_ru_post_excerpt":"","_ru_post_title":"\u041c\u0423\u0417\u0415\u0419 FAPIM","_pl_post_content":"[vc_row][vc_column width=\"1\/1\"][divider visibility=\"visible\"][\/vc_column][\/vc_row][vc_row width=\"no-padded\"][vc_column width=\"1\/1\"][rev_slider_vc alias=\"percorso-espositivo\"][\/vc_column][\/vc_row][vc_row][vc_column width=\"1\/1\"][lead align=\"justify\"]Fapim Museum \u0142\u0105czy przestrze\u0144 ekspozycyjn\u0105 o powierzchni 600 m2 zaprojektowan\u0105 na wz\u00f3r zak\u0142adu przemys\u0142owego, z \u017c\u00f3\u0142tymi liniami i przej\u015bciami, z aluminiowymi zbiornikami przerobionymi na gabloty ekspozycyjne, z ponad tysi\u0105cem eksponat\u00f3w, w\u015br\u00f3d kt\u00f3rych znajduj\u0105 si\u0119 projekty, prototypy rysunki techniczne i pr\u00f3bki kolor\u00f3w, kombinezony robocze, fotografie, ilustracje i skrawki historii politycznej, sportowej i kulturalnej od 1974 r. do dzi\u015b. Jest to bardziej \u201emuzeum os\u00f3b\u201d ni\u017c przedmiot\u00f3w i projekt\u00f3w Fapim.[\/lead][\/vc_column][\/vc_row][vc_row][vc_column width=\"1\/1\"][lead align=\"justify\"]Projekt nie tylko przywo\u0142uje kreatywno\u015b\u0107 i osi\u0105gni\u0119cia firmy na polu technologii, ale tak\u017ce nawi\u0105zuje do \u017cycia codziennego, kultury popularnej i atmosfery tamtych lat, kt\u00f3ra wywar\u0142a bezpo\u015bredni wp\u0142yw na ludzi, kt\u00f3rzy tworzyli histori\u0119 firmy \u2013 zabiera zwiedzaj\u0105cych w fascynuj\u0105c\u0105 podr\u00f3\u017c, odwo\u0142uj\u0105c si\u0119 do zbiorowej pami\u0119ci, w kt\u00f3rej realia gospodarcze s\u0105 tylko t\u0142em dla szerszej refleksji.[\/lead][\/vc_column][\/vc_row][vc_row][vc_column width=\"1\/1\"][lead align=\"justify\"]Muzeum, kt\u00f3re powsta\u0142o w 2014 r. dla upami\u0119tnienia 40. rocznicy powstania firmy w 2014 r., zosta\u0142o w ostatnim czasie od\u015bwie\u017cone i wzbogaci\u0142o si\u0119 o nowe eksponaty nawi\u0105zuj\u0105ce do kolejnej dekady z historii Fapim, aby w ten spos\u00f3b spi\u0105\u0107, niczym klamr\u0105, pi\u0119\u0107dziesi\u0105t lat istnienia firmy.[\/lead][\/vc_column][\/vc_row][vc_row][vc_column width=\"1\/1\"][divider visibility=\"visible\"][\/vc_column][\/vc_row]","_pl_post_name":"sciezka-ekspozycyjna","_pl_post_excerpt":"","_pl_post_title":"\u015acie\u017cka ekspozycyjna","edit_language":"es","footnotes":""},"class_list":["post-434","page","type-page","status-publish","hentry"],"_links":{"self":[{"href":"https:\/\/www.fapim.it\/es\/wp-json\/wp\/v2\/pages\/434","targetHints":{"allow":["GET"]}}],"collection":[{"href":"https:\/\/www.fapim.it\/es\/wp-json\/wp\/v2\/pages"}],"about":[{"href":"https:\/\/www.fapim.it\/es\/wp-json\/wp\/v2\/types\/page"}],"author":[{"embeddable":true,"href":"https:\/\/www.fapim.it\/es\/wp-json\/wp\/v2\/users\/1"}],"replies":[{"embeddable":true,"href":"https:\/\/www.fapim.it\/es\/wp-json\/wp\/v2\/comments?post=434"}],"version-history":[{"count":3,"href":"https:\/\/www.fapim.it\/es\/wp-json\/wp\/v2\/pages\/434\/revisions"}],"predecessor-version":[{"id":23575,"href":"https:\/\/www.fapim.it\/es\/wp-json\/wp\/v2\/pages\/434\/revisions\/23575"}],"up":[{"embeddable":true,"href":"https:\/\/www.fapim.it\/es\/wp-json\/wp\/v2\/pages\/409"}],"wp:attachment":[{"href":"https:\/\/www.fapim.it\/es\/wp-json\/wp\/v2\/media?parent=434"}],"curies":[{"name":"wp","href":"https:\/\/api.w.org\/{rel}","templated":true}]}}